{"id":2021,"date":"2023-09-25T17:20:01","date_gmt":"2023-09-25T15:20:01","guid":{"rendered":"http:\/\/www.vernajoul.fr\/?page_id=2021"},"modified":"2025-06-30T12:08:24","modified_gmt":"2025-06-30T10:08:24","slug":"sports-et-nature","status":"publish","type":"page","link":"http:\/\/www.vernajoul.fr\/index.php\/sports-et-nature\/","title":{"rendered":"Sports et Nature"},"content":{"rendered":"\n<figure class=\"wp-block-embed aligncenter is-type-video is-provider-youtube wp-block-embed-youtube wp-embed-aspect-16-9 wp-has-aspect-ratio\"><div class=\"wp-block-embed__wrapper\">\n<iframe loading=\"lazy\" title=\"La Voie Verte Foix-Vernajoul - Office de tourisme Foix-Ari\u00e8ge-Pyr\u00e9n\u00e9es\" width=\"500\" height=\"281\" src=\"https:\/\/www.youtube.com\/embed\/QkFBWGL_f7A?feature=oembed\" frameborder=\"0\" allow=\"accelerometer; autoplay; clipboard-write; encrypted-media; gyroscope; picture-in-picture; web-share\" referrerpolicy=\"strict-origin-when-cross-origin\" allowfullscreen><\/iframe>\n<\/div><\/figure>\n\n\n\n<div style=\"height:40px\" aria-hidden=\"true\" class=\"wp-block-spacer\"><\/div>\n\n\n\n<h2 class=\"wp-block-heading\">L&rsquo;\u00eele \u00d4 Pagaies : activit\u00e9s de Loisirs Rafting, Cano\u00eb, Kayak<\/h2>\n\n\n\n<p>Ce lieu d&rsquo;activit\u00e9s se situe au bord de l&rsquo;Ari\u00e8ge \u00e0 Vernajoul.<\/p>\n\n\n\n<p>Adresse : Chemin du Ch\u00eane Vert<\/p>\n\n\n<div class=\"wp-block-image\">\n<figure class=\"aligncenter size-large\"><img loading=\"lazy\" decoding=\"async\" width=\"1024\" height=\"514\" src=\"http:\/\/www.vernajoul.fr\/wp-content\/uploads\/2023\/09\/lileopagaies2023-1024x514.jpg\" alt=\"\" class=\"wp-image-2022\" srcset=\"http:\/\/www.vernajoul.fr\/wp-content\/uploads\/2023\/09\/lileopagaies2023-1024x514.jpg 1024w, http:\/\/www.vernajoul.fr\/wp-content\/uploads\/2023\/09\/lileopagaies2023-300x150.jpg 300w, http:\/\/www.vernajoul.fr\/wp-content\/uploads\/2023\/09\/lileopagaies2023-768x385.jpg 768w, http:\/\/www.vernajoul.fr\/wp-content\/uploads\/2023\/09\/lileopagaies2023-1536x771.jpg 1536w, http:\/\/www.vernajoul.fr\/wp-content\/uploads\/2023\/09\/lileopagaies2023.jpg 1834w\" sizes=\"auto, (max-width: 1024px) 100vw, 1024px\" \/><\/figure><\/div>\n\n\n<div style=\"height:40px\" aria-hidden=\"true\" class=\"wp-block-spacer\"><\/div>\n\n\n\n<figure class=\"wp-block-image size-large\"><img loading=\"lazy\" decoding=\"async\" width=\"819\" height=\"1024\" src=\"http:\/\/www.vernajoul.fr\/wp-content\/uploads\/2025\/06\/Stages-ete-Kayak-Vernajoul-2025-819x1024.jpg\" alt=\"\" class=\"wp-image-2670\" srcset=\"http:\/\/www.vernajoul.fr\/wp-content\/uploads\/2025\/06\/Stages-ete-Kayak-Vernajoul-2025-819x1024.jpg 819w, http:\/\/www.vernajoul.fr\/wp-content\/uploads\/2025\/06\/Stages-ete-Kayak-Vernajoul-2025-240x300.jpg 240w, http:\/\/www.vernajoul.fr\/wp-content\/uploads\/2025\/06\/Stages-ete-Kayak-Vernajoul-2025-768x960.jpg 768w, http:\/\/www.vernajoul.fr\/wp-content\/uploads\/2025\/06\/Stages-ete-Kayak-Vernajoul-2025.jpg 1080w\" sizes=\"auto, (max-width: 819px) 100vw, 819px\" \/><\/figure>\n\n\n\n<h2 class=\"wp-block-heading\">Et\u00e9 2025 &#8211; \u00c9v\u00e9nements de L&rsquo;\u00eele \u00f4 pagaies \u00e0 Vernajoul <\/h2>\n\n\n\n<p>11 juillet : \u00ab\u00a0f\u00eate d&rsquo;ouverture\u00a0\u00bb \u00e0 partir de 14h : ouverture du site et d\u00e9couverte des activit\u00e9s \u00e0 prix libre : kayak, accrobranche pitchoun, stand up paddle. Restauration sur place et buvette. <\/p>\n\n\n\n<p>1 ao\u00fbt : soir\u00e9e guinguette \u00e0 partir de 17h30. Restauration sur place et buvette. Location de kayak prolong\u00e9e jusqu&rsquo;\u00e0 20h.<\/p>\n\n\n\n<p>7 ao\u00fbt : soir\u00e9e prospection des chauves-souris en kayak en partenariat avec l&rsquo;ANA-CEN. Inscription aupr\u00e8s de l&rsquo;ANA.<\/p>\n\n\n\n<p>16 ao\u00fbt : soir\u00e9e guinguette, location de kayak prolong\u00e9e jusqu&rsquo;\u00e0 20h.<\/p>\n\n\n\n<p>Location de kayak et stand up paddle sera ouverte du mardi au samedi \u00e0 partir de 13h30.<\/p>\n\n\n\n<p>Le site sera accessible et ouvert au public du 7 juillet au 21 ao\u00fbt de 9h30 \u00e0 17h. <\/p>\n\n\n\n<h2 class=\"wp-block-heading\">Un Chemin, Une \u00c9cole<\/h2>\n\n\n\n<p>Le chemin de Louli\u00e9 a \u00e9t\u00e9 inaugur\u00e9 le samedi 21 octobre 2023.<\/p>\n\n\n<div class=\"wp-block-image\">\n<figure class=\"aligncenter size-large\"><img loading=\"lazy\" decoding=\"async\" width=\"1024\" height=\"724\" src=\"http:\/\/www.vernajoul.fr\/wp-content\/uploads\/2023\/10\/Scan02921520231017185932_001-1024x724.jpg\" alt=\"\" class=\"wp-image-2057\" srcset=\"http:\/\/www.vernajoul.fr\/wp-content\/uploads\/2023\/10\/Scan02921520231017185932_001-1024x724.jpg 1024w, http:\/\/www.vernajoul.fr\/wp-content\/uploads\/2023\/10\/Scan02921520231017185932_001-300x212.jpg 300w, http:\/\/www.vernajoul.fr\/wp-content\/uploads\/2023\/10\/Scan02921520231017185932_001-768x543.jpg 768w, http:\/\/www.vernajoul.fr\/wp-content\/uploads\/2023\/10\/Scan02921520231017185932_001-1536x1086.jpg 1536w, http:\/\/www.vernajoul.fr\/wp-content\/uploads\/2023\/10\/Scan02921520231017185932_001-2048x1448.jpg 2048w\" sizes=\"auto, (max-width: 1024px) 100vw, 1024px\" \/><\/figure><\/div>\n\n<div class=\"wp-block-image\">\n<figure class=\"aligncenter size-large\"><img loading=\"lazy\" decoding=\"async\" width=\"1024\" height=\"724\" src=\"http:\/\/www.vernajoul.fr\/wp-content\/uploads\/2023\/10\/Scan02921420231017185818_001-1024x724.jpg\" alt=\"\" class=\"wp-image-2058\" srcset=\"http:\/\/www.vernajoul.fr\/wp-content\/uploads\/2023\/10\/Scan02921420231017185818_001-1024x724.jpg 1024w, http:\/\/www.vernajoul.fr\/wp-content\/uploads\/2023\/10\/Scan02921420231017185818_001-300x212.jpg 300w, http:\/\/www.vernajoul.fr\/wp-content\/uploads\/2023\/10\/Scan02921420231017185818_001-768x543.jpg 768w, http:\/\/www.vernajoul.fr\/wp-content\/uploads\/2023\/10\/Scan02921420231017185818_001-1536x1086.jpg 1536w, http:\/\/www.vernajoul.fr\/wp-content\/uploads\/2023\/10\/Scan02921420231017185818_001-2048x1448.jpg 2048w\" sizes=\"auto, (max-width: 1024px) 100vw, 1024px\" \/><\/figure><\/div>\n\n<div class=\"wp-block-image\">\n<figure class=\"aligncenter size-large\"><img loading=\"lazy\" decoding=\"async\" width=\"1024\" height=\"724\" src=\"http:\/\/www.vernajoul.fr\/wp-content\/uploads\/2023\/10\/Scan02921320231017185730_001-1024x724.jpg\" alt=\"\" class=\"wp-image-2059\" srcset=\"http:\/\/www.vernajoul.fr\/wp-content\/uploads\/2023\/10\/Scan02921320231017185730_001-1024x724.jpg 1024w, http:\/\/www.vernajoul.fr\/wp-content\/uploads\/2023\/10\/Scan02921320231017185730_001-300x212.jpg 300w, http:\/\/www.vernajoul.fr\/wp-content\/uploads\/2023\/10\/Scan02921320231017185730_001-768x543.jpg 768w, http:\/\/www.vernajoul.fr\/wp-content\/uploads\/2023\/10\/Scan02921320231017185730_001-1536x1086.jpg 1536w, http:\/\/www.vernajoul.fr\/wp-content\/uploads\/2023\/10\/Scan02921320231017185730_001-2048x1448.jpg 2048w\" sizes=\"auto, (max-width: 1024px) 100vw, 1024px\" \/><\/figure><\/div>\n\n\n<div style=\"height:41px\" aria-hidden=\"true\" class=\"wp-block-spacer\"><\/div>\n\n\n\n<h2 class=\"wp-block-heading\">Le Sentier des Rapaces<\/h2>\n\n\n\n<p>Le sentier des rapaces a \u00e9t\u00e9 inaugur\u00e9 le samedi 3 juin 2023 par le conseil municipal avec une visite guid\u00e9e du sentier, une exposition &lsquo;agir ensemble pour les rapaces&rsquo; et une conf\u00e9rence sur les rapaces diurnes et l&rsquo;aigle bott\u00e9.<\/p>\n\n\n<div class=\"wp-block-image\">\n<figure class=\"aligncenter size-full\"><img loading=\"lazy\" decoding=\"async\" width=\"654\" height=\"877\" src=\"http:\/\/www.vernajoul.fr\/wp-content\/uploads\/2023\/10\/RAPACES-1.jpg\" alt=\"\" class=\"wp-image-2054\"\/><\/figure><\/div>\n\n<div class=\"wp-block-image\">\n<figure class=\"aligncenter size-full\"><img loading=\"lazy\" decoding=\"async\" width=\"651\" height=\"866\" src=\"http:\/\/www.vernajoul.fr\/wp-content\/uploads\/2023\/10\/RAPACES-2.jpg\" alt=\"\" class=\"wp-image-2056\"\/><\/figure><\/div>","protected":false},"excerpt":{"rendered":"<p>L&rsquo;\u00eele \u00d4 Pagaies : activit\u00e9s de Loisirs Rafting, Cano\u00eb, Kayak Ce lieu d&rsquo;activit\u00e9s se situe au bord de l&rsquo;Ari\u00e8ge \u00e0 Vernajoul. Adresse : Chemin du Ch\u00eane Vert Et\u00e9 2025 &#8211; \u00c9v\u00e9nements de L&rsquo;\u00eele \u00f4 pagaies \u00e0 Vernajoul 11 juillet : \u00ab\u00a0f\u00eate d&rsquo;ouverture\u00a0\u00bb \u00e0 partir de 14h : ouverture du site et d\u00e9couverte des activit\u00e9s \u00e0 [&hellip;]<\/p>\n","protected":false},"author":1,"featured_media":0,"parent":0,"menu_order":0,"comment_status":"closed","ping_status":"closed","template":"","meta":{"footnotes":""},"class_list":["post-2021","page","type-page","status-publish","hentry"],"_links":{"self":[{"href":"http:\/\/www.vernajoul.fr\/index.php\/wp-json\/wp\/v2\/pages\/2021","targetHints":{"allow":["GET"]}}],"collection":[{"href":"http:\/\/www.vernajoul.fr\/index.php\/wp-json\/wp\/v2\/pages"}],"about":[{"href":"http:\/\/www.vernajoul.fr\/index.php\/wp-json\/wp\/v2\/types\/page"}],"author":[{"embeddable":true,"href":"http:\/\/www.vernajoul.fr\/index.php\/wp-json\/wp\/v2\/users\/1"}],"replies":[{"embeddable":true,"href":"http:\/\/www.vernajoul.fr\/index.php\/wp-json\/wp\/v2\/comments?post=2021"}],"version-history":[{"count":0,"href":"http:\/\/www.vernajoul.fr\/index.php\/wp-json\/wp\/v2\/pages\/2021\/revisions"}],"wp:attachment":[{"href":"http:\/\/www.vernajoul.fr\/index.php\/wp-json\/wp\/v2\/media?parent=2021"}],"curies":[{"name":"wp","href":"https:\/\/api.w.org\/{rel}","templated":true}]}}